{"id":5792,"date":"2019-12-01T18:28:35","date_gmt":"2019-12-01T18:28:35","guid":{"rendered":"https:\/\/friedmann-photos.com\/?page_id=5792"},"modified":"2020-05-09T15:37:30","modified_gmt":"2020-05-09T15:37:30","slug":"calendar","status":"publish","type":"page","link":"https:\/\/friedmann-photos.com\/es\/calendar","title":{"rendered":"Calendar"},"content":{"rendered":"<p>[et_pb_section fb_built=\u00bb1&#8243; fullwidth=\u00bbon\u00bb module_class=\u00bbtop-header\u00bb _builder_version=\u00bb3.29.3&#8243;][et_pb_fullwidth_code disabled_on=\u00bboff|off|off\u00bb _builder_version=\u00bb4.0.7&#8243; background_color=\u00bb#ffffff\u00bb]<\/p>\n<div class=\"pvo-hero-container\"><!-- [et_pb_line_break_holder] -->  <\/p>\n<div class=\"pvo-hero-left pvo-flex\" style=\"background-image: url('https:\/\/friedmann-photos.com\/wp-content\/uploads\/2019\/11\/kalender_bg.jpg'); \"><!-- [et_pb_line_break_holder] -->    <img decoding=\"async\" style=\"height: 95% !important; width: auto; margin: auto 0;\" src=\"https:\/\/friedmann-photos.com\/wp-content\/uploads\/2019\/08\/FPDS-logo-max.png\"><!-- [et_pb_line_break_holder] -->  <\/div>\n<p><!-- [et_pb_line_break_holder] -->  <\/p>\n<div class=\"pvo-hero-right\"><!-- [et_pb_line_break_holder] -->    <\/p>\n<div clas=\"aside-container\"><!-- [et_pb_line_break_holder] -->      <\/p>\n<ul class=\"lang-ul\"><!-- [et_pb_line_break_holder] -->        <\/p>\n<li><span class=\"divider\"><\/span><\/li>\n<p><!-- [et_pb_line_break_holder] -->      <\/p>\n<li><a class=\"vertical-rl\" href=\"#\" style=\"color: #E53127; font-weight: bold;\"><!-- [et_pb_line_break_holder] -->        Espa\u00f1ol<!-- [et_pb_line_break_holder] -->      <\/a><!-- [et_pb_line_break_holder] -->        <\/ul>\n<p>   <!-- [et_pb_line_break_holder] -->  <\/div>\n<p><!-- [et_pb_line_break_holder] --><\/div>\n<p><!-- [et_pb_line_break_holder] --><!-- [et_pb_line_break_holder] -->  <!-- [et_pb_line_break_holder] --><!-- [et_pb_line_break_holder] --><!-- [et_pb_line_break_holder] -->      <!-- [et_pb_line_break_holder] -->    [\/et_pb_fullwidth_code][\/et_pb_section][et_pb_section fb_built=\u00bb1&#8243; disabled_on=\u00bbon|off|off\u00bb _builder_version=\u00bb4.0.4&#8243; custom_padding=\u00bb0px||120px|||\u00bb][et_pb_row _builder_version=\u00bb3.29.3&#8243; custom_padding=\u00bb88px|||||\u00bb][et_pb_column type=\u00bb4_4&#8243; _builder_version=\u00bb3.29.3&#8243;][et_pb_code _builder_version=\u00bb4.0.2&#8243;]<\/p>\n<div class=\"vector-container vector-s\"><!-- [et_pb_line_break_holder] -->  <\/p>\n<div class=\"vector vector1\"><\/div>\n<p><!-- [et_pb_line_break_holder] -->  <\/p>\n<div class=\"vector vector2\"><\/div>\n<p><!-- [et_pb_line_break_holder] -->  <\/p>\n<div class=\"vector vector3\"><\/div>\n<p><!-- [et_pb_line_break_holder] -->  <\/p>\n<div class=\"vector vector4\"><\/div>\n<p><!-- [et_pb_line_break_holder] -->  <\/p>\n<div class=\"vector vector5\"><\/div>\n<p>\t<!-- [et_pb_line_break_holder] -->  <\/p>\n<div class=\"vector vector6\"><\/div>\n<p>\t<!-- [et_pb_line_break_holder] --><\/div>\n<p>[\/et_pb_code][\/et_pb_column][\/et_pb_row][et_pb_row column_structure=\u00bb2_5,3_5&#8243; use_custom_gutter=\u00bbon\u00bb module_class=\u00bbcontainer-rel\u00bb _builder_version=\u00bb4.0.2&#8243; width=\u00bb100%\u00bb custom_padding=\u00bb55px||35px|13%|false|false\u00bb][et_pb_column type=\u00bb2_5&#8243; _builder_version=\u00bb3.27.4&#8243;][et_pb_text _builder_version=\u00bb4.0.7&#8243; header_line_height=\u00bb0em\u00bb custom_padding=\u00bb|||3px|false|false\u00bb]<\/p>\n<p class=\"subheadline\"> Calendarios <\/p>\n<div class=\"red-underline\"><\/div>\n<h3> Calendario de 12 meses <br \/>calendar<\/h3>\n<p>[\/et_pb_text][et_pb_code _builder_version=\u00bb3.27.4&#8243;][\/et_pb_code][\/et_pb_column][et_pb_column type=\u00bb3_5&#8243; _builder_version=\u00bb3.27.4&#8243;][et_pb_text _builder_version=\u00bb4.0.7&#8243; text_font=\u00bbRoboto||||||||\u00bb text_text_color=\u00bb#000000&#8243; text_font_size=\u00bb18px\u00bb width=\u00bb100%\u00bb custom_margin=\u00bb|24px|0px||false|false\u00bb custom_padding=\u00bb80px||90px||false|false\u00bb custom_css_main_element=\u00bbmargin-top: 40px;||width: 85%;\u00bb]<\/p>\n<p class=\"copy\"> Adem\u00e1s de los ya conocidos calendarios plegables de siempre en el nuevo formato ampliado de 35 x 32\u00a0cm, ahora con nosotros tambi\u00e9n tiene la posibilidad de pedir un calendario de pared cl\u00e1sico en los formatos DIN\u00a0A4, DIN\u00a0A3 y en el formato extragrande DIN\u00a0A2. Los calendarios de pared tambi\u00e9n est\u00e1n disponibles en formato vertical y apaisado. Los calendarios de pared se pueden pedir con los papeles \u00abMatt\u00bb o \u00abHighGloss\u00bb.<br \/>\nAdem\u00e1s de los calendarios plegados conocidos de siempre, ahora puede dise\u00f1ar calendarios de pared en los formatos DIN\u00a0A4 hasta el formato grande DIN\u00a0A2, tanto en formato vertical como apaisado. El calendario plegable est\u00e1 disponible en el formato extragrande de 35\u00a0x\u00a025\u00a0cm. Nuestros calendarios se pueden pedir con los papeles \u00abMatt\u00bb o \u00abHighGloss\u00bb. <\/p>\n<p><a href=\"https:\/\/apps.apple.com\/app\/friedmann-print\/id1482660936\"><br \/>\n<img decoding=\"async\" src=\"https:\/\/friedmann-photos.com\/wp-content\/uploads\/2019\/12\/badge_ES.png\" width=242px ><\/a>[\/et_pb_text][\/et_pb_column][\/et_pb_row][\/et_pb_section][et_pb_section fb_built=\u00bb1&#8243; disabled_on=\u00bboff|on|on\u00bb _builder_version=\u00bb4.0.4&#8243; custom_padding=\u00bb0px||0px|||\u00bb][et_pb_row column_structure=\u00bb2_5,3_5&#8243; use_custom_gutter=\u00bbon\u00bb module_class=\u00bbcontainer-rel\u00bb _builder_version=\u00bb4.0.6&#8243; width=\u00bb100%\u00bb custom_padding=\u00bb19px|10%|3px|10%|false|false\u00bb][et_pb_column type=\u00bb2_5&#8243; _builder_version=\u00bb3.27.4&#8243;][et_pb_text _builder_version=\u00bb4.0.7&#8243; header_line_height=\u00bb0em\u00bb custom_padding=\u00bb||0px|3px|false|false\u00bb]<\/p>\n<p class=\"subheadline\">Calendarios<\/p>\n<div class=\"red-underline\"><\/div>\n<h3> Calendario de 12 meses <br \/>calendar<\/h3>\n<p>[\/et_pb_text][\/et_pb_column][et_pb_column type=\u00bb3_5&#8243; _builder_version=\u00bb3.27.4&#8243;][et_pb_text _builder_version=\u00bb4.0.7&#8243; text_font=\u00bbRoboto||||||||\u00bb text_text_color=\u00bb#000000&#8243; text_font_size=\u00bb18px\u00bb width=\u00bb100%\u00bb custom_margin=\u00bb1px|24px|0px||false|false\u00bb custom_padding=\u00bb0px||0px||false|false\u00bb custom_css_main_element=\u00bbmargin-top: 40px;||width: 85%;\u00bb]<\/p>\n<p class=\"copy\"> Adem\u00e1s de los ya conocidos calendarios plegables de siempre en el nuevo formato ampliado de 35 x 32\u00a0cm, ahora con nosotros tambi\u00e9n tiene la posibilidad de pedir un calendario de pared cl\u00e1sico en los formatos DIN\u00a0A4, DIN\u00a0A3 y en el formato extragrande DIN\u00a0A2. Los calendarios de pared tambi\u00e9n est\u00e1n disponibles en formato vertical y apaisado. Los calendarios de pared se pueden pedir con los papeles \u00abMatt\u00bb o \u00abHighGloss\u00bb.<br \/>\nAdem\u00e1s de los calendarios plegados conocidos de siempre, ahora puede dise\u00f1ar calendarios de pared en los formatos DIN\u00a0A4 hasta el formato grande DIN\u00a0A2, tanto en formato vertical como apaisado. El calendario plegable est\u00e1 disponible en el formato extragrande de 35\u00a0x\u00a025\u00a0cm. Nuestros calendarios se pueden pedir con los papeles \u00abMatt\u00bb o \u00abHighGloss\u00bb. <\/p>\n<p><a href=\"https:\/\/apps.apple.com\/app\/friedmann-print\/id1482660936\"><br \/>\n<img decoding=\"async\" src=\"https:\/\/friedmann-photos.com\/wp-content\/uploads\/2019\/12\/badge_ES.png\" width=242px ><\/a>[\/et_pb_text][\/et_pb_column][\/et_pb_row][\/et_pb_section][et_pb_section fb_built=\u00bb1&#8243; disabled_on=\u00bbon|off|off\u00bb _builder_version=\u00bb4.0.2&#8243;][et_pb_row column_structure=\u00bb1_3,1_3,1_3&#8243; use_custom_gutter=\u00bbon\u00bb gutter_width=\u00bb2&#8243; make_equal=\u00bbon\u00bb _builder_version=\u00bb3.29.3&#8243; custom_margin=\u00bb15px|auto||auto||\u00bb custom_padding=\u00bb|26px||10%|false|false\u00bb][et_pb_column type=\u00bb1_3&#8243; _builder_version=\u00bb3.29.3&#8243;][et_pb_code _builder_version=\u00bb4.0.6&#8243;]<\/p>\n<div class=\"spielkarten-container splk1\"><!-- [et_pb_line_break_holder] -->  <!-- [et_pb_line_break_holder] --><\/div>\n<p>[\/et_pb_code][et_pb_text _builder_version=\u00bb4.0.7&#8243; custom_padding=\u00bb15px|||||\u00bb]<\/p>\n<h3 style=\"font-size: 48px !important; padding-bottom: 30px;\"> Variantes <\/h3>\n<div class=\"red-underline\"><\/div>\n<p style=\"font-size: 20px; letter-spacing: -1%;\">Producimos diferentes calendarios de 12 meses, calendarios plegables y los t\u00edpicos calendarios de pared con orificio para el pulgar. En el pasado, los calendarios plegables eran ofrecidos as\u00ed tambi\u00e9n por Apple y nosotros los tenemos en el formato 35\u00a0x\u00a025\u00a0cm de nuevo claramente m\u00e1s grandes y tienen 25 p\u00e1ginas.<br \/>\nLos calendarios de pared en los formatos DIN\u00a0A4, DIN\u00a0A3 y DIN\u00a0A2 tienen 12 hojas de los meses y 1 cubierta. El mes de inicio se puede seleccionar opcionalmente.\n<\/p>\n<p>[\/et_pb_text][\/et_pb_column][et_pb_column type=\u00bb1_3&#8243; _builder_version=\u00bb3.29.3&#8243;][et_pb_code _builder_version=\u00bb4.0.6&#8243; custom_margin=\u00bb270px|||||\u00bb]<\/p>\n<div class=\"spielkarten-container splk2\"><!-- [et_pb_line_break_holder] -->  <!-- [et_pb_line_break_holder] --><\/div>\n<p>[\/et_pb_code][et_pb_text _builder_version=\u00bb4.0.7&#8243; custom_padding=\u00bb15px|||||\u00bb]<\/p>\n<h3 style=\"font-size: 48px !important; padding-bottom: 30px;\"> Realizaci\u00f3n <\/h3>\n<div class=\"red-underline\"><\/div>\n<p style=\"font-size: 20px; letter-spacing: -1%;\"> Realizamos calendarios exclusivamente con materiales de alta calidad. Los calendarios plegables y de pared tienen una espiral doble plateada. Los calendarios de pared tienen una l\u00e1mina de cubierta semitransparente y una contracubierta de 1,5\u00a0mm de grosor. Los orificios de nuestros calendarios no se punzonan, sino que se perforan por separado, de modo que se evita un desprendimiento de los recubrimientos.<\/p>\n<p>[\/et_pb_text][\/et_pb_column][et_pb_column type=\u00bb1_3&#8243; _builder_version=\u00bb3.29.3&#8243;][et_pb_code _builder_version=\u00bb4.0.6&#8243;]<\/p>\n<div class=\"spielkarten-container splk3\"><!-- [et_pb_line_break_holder] -->  <!-- [et_pb_line_break_holder] --><\/div>\n<p>[\/et_pb_code][et_pb_text _builder_version=\u00bb4.0.7&#8243; custom_padding=\u00bb15px|||||\u00bb]<\/p>\n<h3 style=\"font-size: 48px !important; padding-bottom: 30px;\">Papel<\/h3>\n<div class=\"red-underline\"><\/div>\n<p style=\"font-size: 20px; letter-spacing: -1%;\"> Imprimimos en papeles de las marcas \u00abFedrigoni\u00bb, de Italia, y \u00abKoehler\u00bb, de Alemania. Adem\u00e1s de la variante de papel \u00abMatt\u00bb, un papel de impresi\u00f3n fotogr\u00e1fica mate, estucado, opcionalmente se encuentra a disposici\u00f3n una variante \u00abHighGloss\u00bb. HighGloss es un papel que est\u00e1 acabado con una capa de barniz de alto brillo. <\/p>\n<p>[\/et_pb_text][\/et_pb_column][\/et_pb_row][\/et_pb_section][et_pb_section fb_built=\u00bb1&#8243; disabled_on=\u00bboff|on|on\u00bb _builder_version=\u00bb4.0.2&#8243; custom_padding=\u00bb0px||5px||false|false\u00bb][et_pb_row _builder_version=\u00bb4.0.2&#8243; width=\u00bb100%\u00bb custom_margin=\u00bb-3px|auto||auto||\u00bb custom_padding=\u00bb22px|||||\u00bb][et_pb_column type=\u00bb4_4&#8243; _builder_version=\u00bb4.0.2&#8243;][et_pb_code disabled_on=\u00bbon|on|on\u00bb _builder_version=\u00bb4.0.4&#8243; custom_margin=\u00bb50px|||||\u00bb disabled=\u00bbon\u00bb]<\/p>\n<div class=\"pvo-img-container-mobile\" style=\"height: 260px !important;\"><!-- [et_pb_line_break_holder] -->  <\/p>\n<div class=\"left mbg16\" style=\"width: 100% !important;\"><!-- [et_pb_line_break_holder] -->    <span><\/span><!-- [et_pb_line_break_holder] -->  <\/div>\n<p><!-- [et_pb_line_break_holder] --><\/div>\n<p>[\/et_pb_code][\/et_pb_column][\/et_pb_row][\/et_pb_section][et_pb_section fb_built=\u00bb1&#8243; disabled_on=\u00bboff|on|on\u00bb _builder_version=\u00bb4.0.2&#8243; custom_padding=\u00bb0px||69px||false|false\u00bb][et_pb_row _builder_version=\u00bb4.0.2&#8243; width=\u00bb100%\u00bb custom_margin=\u00bb-3px|auto||auto||\u00bb custom_padding=\u00bb22px|||||\u00bb][et_pb_column type=\u00bb4_4&#8243; _builder_version=\u00bb4.0.2&#8243;][et_pb_code _builder_version=\u00bb4.0.6&#8243; custom_margin=\u00bb23px|||||\u00bb]<\/p>\n<div class=\"pvo-img-container-mobile\" style=\"height: 260px !important;\"><!-- [et_pb_line_break_holder] -->  <\/p>\n<div class=\"left mbg23\" style=\"width: 100% !important;\"><!-- [et_pb_line_break_holder] -->    <span><\/span><!-- [et_pb_line_break_holder] -->  <\/div>\n<p><!-- [et_pb_line_break_holder] --><\/div>\n<p>[\/et_pb_code][\/et_pb_column][\/et_pb_row][et_pb_row _builder_version=\u00bb4.0.2&#8243; custom_margin=\u00bb-3px|auto||auto||\u00bb custom_padding=\u00bb45px||0px|||\u00bb][et_pb_column type=\u00bb4_4&#8243; _builder_version=\u00bb4.0.2&#8243;][et_pb_code _builder_version=\u00bb4.0.7&#8243;]<\/p>\n<h3 style=\"line-height: 95%; font-weight: bold; font-size: 36px !important;letter-spacing: -0.04em;\">Variantes<\/h3>\n<p><!-- [et_pb_line_break_holder] --><pee style=\"padding-top: 20px\" class=\"copy\">Producimos diferentes calendarios de 12 meses, calendarios plegables y los t\u00edpicos calendarios de pared con orificio para el pulgar. En el pasado, los calendarios plegables eran ofrecidos as\u00ed tambi\u00e9n por Apple y nosotros los tenemos en el formato 35\u00a0x\u00a025\u00a0cm de nuevo claramente m\u00e1s grandes y tienen 25 p\u00e1ginas.<!-- [et_pb_line_break_holder] -->Los calendarios de pared en los formatos DIN\u00a0A4, DIN\u00a0A3 y DIN\u00a0A2 tienen 12 hojas de los meses y 1 cubierta. El mes de inicio se puede seleccionar opcionalmente.<\/pee><!-- [et_pb_line_break_holder] -->[\/et_pb_code][\/et_pb_column][\/et_pb_row][\/et_pb_section][et_pb_section fb_built=\u00bb1&#8243; disabled_on=\u00bboff|on|on\u00bb _builder_version=\u00bb4.0.2&#8243; custom_padding=\u00bb50px||69px||false|false\u00bb][et_pb_row _builder_version=\u00bb4.0.2&#8243; width=\u00bb100%\u00bb custom_margin=\u00bb-3px|auto||auto||\u00bb custom_padding=\u00bb22px|||||\u00bb][et_pb_column type=\u00bb4_4&#8243; _builder_version=\u00bb4.0.2&#8243;][et_pb_code _builder_version=\u00bb4.0.2&#8243; custom_margin=\u00bb1px||-3px|||\u00bb]<\/p>\n<div class=\"pvo-img-container-mobile\" style=\"height: 260px !important;\"><!-- [et_pb_line_break_holder] -->  <\/p>\n<div class=\"left mbg17\" style=\"width: 100% !important;\"><!-- [et_pb_line_break_holder] -->    <span><\/span><!-- [et_pb_line_break_holder] -->  <\/div>\n<p><!-- [et_pb_line_break_holder] --><\/div>\n<p>[\/et_pb_code][\/et_pb_column][\/et_pb_row][et_pb_row _builder_version=\u00bb4.0.2&#8243; custom_margin=\u00bb-3px|auto||auto||\u00bb custom_padding=\u00bb45px||0px|||\u00bb][et_pb_column type=\u00bb4_4&#8243; _builder_version=\u00bb4.0.2&#8243;][et_pb_code _builder_version=\u00bb4.0.7&#8243;]<\/p>\n<h3 style=\"line-height: 95%; font-weight: bold; font-size: 36px !important;letter-spacing: -0.04em;\">Realizaci\u00f3n<\/h3>\n<p><!-- [et_pb_line_break_holder] --><pee style=\"padding-top: 20px\" class=\"copy\">Realizamos calendarios exclusivamente con materiales de alta calidad. Los calendarios plegables y de pared tienen una espiral doble plateada. Los calendarios de pared tienen una l\u00e1mina de cubierta semitransparente y una contracubierta de 1,5\u00a0mm de grosor. Los orificios de nuestros calendarios no se punzonan, sino que se perforan por separado, de modo que se evita un desprendimiento de los recubrimientos.<\/pee><!-- [et_pb_line_break_holder] -->[\/et_pb_code][\/et_pb_column][\/et_pb_row][\/et_pb_section][et_pb_section fb_built=\u00bb1&#8243; disabled_on=\u00bboff|on|on\u00bb _builder_version=\u00bb4.0.2&#8243; custom_padding=\u00bb50px||40px||false|false\u00bb][et_pb_row _builder_version=\u00bb4.0.2&#8243; width=\u00bb100%\u00bb custom_margin=\u00bb-3px|auto||auto||\u00bb custom_padding=\u00bb1px|||||\u00bb][et_pb_column type=\u00bb4_4&#8243; _builder_version=\u00bb4.0.2&#8243;][et_pb_code _builder_version=\u00bb4.0.2&#8243; custom_margin=\u00bb23px|||||\u00bb custom_padding=\u00bb0px|||||\u00bb]<\/p>\n<div class=\"pvo-img-container-mobile\" style=\"height: 260px !important;\"><!-- [et_pb_line_break_holder] -->  <\/p>\n<div class=\"left mbg22\" style=\"width: 100% !important;\"><!-- [et_pb_line_break_holder] -->    <span><\/span><!-- [et_pb_line_break_holder] -->  <\/div>\n<p><!-- [et_pb_line_break_holder] --><\/div>\n<p>[\/et_pb_code][\/et_pb_column][\/et_pb_row][et_pb_row _builder_version=\u00bb4.0.2&#8243; custom_margin=\u00bb-3px|auto||auto||\u00bb custom_padding=\u00bb45px||0px|||\u00bb][et_pb_column type=\u00bb4_4&#8243; _builder_version=\u00bb4.0.2&#8243;][et_pb_code _builder_version=\u00bb4.0.7&#8243; custom_margin=\u00bb-8px|||||\u00bb custom_padding=\u00bb||70px|||\u00bb]<\/p>\n<h3 style=\"line-height: 95%; font-weight: bold; font-size: 36px !important;letter-spacing: -0.04em;\">Papel<\/h3>\n<p><!-- [et_pb_line_break_holder] --><pee style=\"padding-top: 20px\" class=\"copy\">Imprimimos en papeles de las marcas \u00abFedrigoni\u00bb, de Italia, y \u00abKoehler\u00bb, de Alemania. Adem\u00e1s de la variante de papel \u00abMatt\u00bb, un papel de impresi\u00f3n fotogr\u00e1fica mate, estucado, opcionalmente se encuentra a disposici\u00f3n una variante \u00abHighGloss\u00bb. HighGloss es un papel que est\u00e1 acabado con una capa de barniz de alto brillo.<\/pee><!-- [et_pb_line_break_holder] -->[\/et_pb_code][\/et_pb_column][\/et_pb_row][\/et_pb_section][et_pb_section fb_built=\u00bb1&#8243; disabled_on=\u00bbon|off|off\u00bb _builder_version=\u00bb4.0.6&#8243; custom_padding=\u00bb||174px|||\u00bb][et_pb_row _builder_version=\u00bb4.0.2&#8243;][et_pb_column type=\u00bb4_4&#8243; _builder_version=\u00bb4.0.2&#8243;][et_pb_code _builder_version=\u00bb4.0.2&#8243;]<\/p>\n<div class=\"vector-container vector-xs\"><!-- [et_pb_line_break_holder] -->  <\/p>\n<div class=\"vector vector1\"><\/div>\n<p><!-- [et_pb_line_break_holder] -->  <\/p>\n<div class=\"vector vector2\"><\/div>\n<p><!-- [et_pb_line_break_holder] -->  <\/p>\n<div class=\"vector vector3\"><\/div>\n<p><!-- [et_pb_line_break_holder] -->  <\/p>\n<div class=\"vector vector4\"><\/div>\n<p><!-- [et_pb_line_break_holder] -->  <\/p>\n<div class=\"vector vector5\"><\/div>\n<p>\t<!-- [et_pb_line_break_holder] -->  <\/p>\n<div class=\"vector vector6\"><\/div>\n<p>\t<!-- [et_pb_line_break_holder] --><\/div>\n<p>[\/et_pb_code][\/et_pb_column][\/et_pb_row][et_pb_row _builder_version=\u00bb4.0.2&#8243; custom_padding=\u00bb|||10%|false|false\u00bb][et_pb_column type=\u00bb4_4&#8243; _builder_version=\u00bb4.0.2&#8243;][et_pb_code _builder_version=\u00bb4.4.5&#8243; hover_enabled=\u00bb0&#8243;]<\/p>\n<table><!-- [et_pb_line_break_holder] --><\/p>\n<tbody><!-- [et_pb_line_break_holder] --><\/p>\n<tr class=\"table-head\"><!-- [et_pb_line_break_holder] --><\/p>\n<th>Cantidad<\/th>\n<p><!-- [et_pb_line_break_holder] --><\/p>\n<th>Papeles<\/th>\n<p><!-- [et_pb_line_break_holder] --><\/p>\n<th>Calendario de pared DINA4<!\u2013- [et_pb_br_holder] -\u2013>vertical y apaisado<!-- [et_pb_line_break_holder] --><\/th>\n<p><!-- [et_pb_line_break_holder] --><\/p>\n<th>Calendario de parede DINA3<!\u2013- [et_pb_br_holder] -\u2013>vertical y apaisado<\/th>\n<p><!-- [et_pb_line_break_holder] --><\/p>\n<th>Calendario de pared DINA2<!\u2013- [et_pb_br_holder] -\u2013>vertical y apaisado<\/th>\n<p><!-- [et_pb_line_break_holder] --><\/p>\n<th>Calendario plegable<!\u2013- [et_pb_br_holder] -\u2013><!-- [et_pb_line_break_holder] -->(35&#215;25 cm)<\/th>\n<p><!-- [et_pb_line_break_holder] --><\/tr>\n<p><!-- [et_pb_line_break_holder] --><\/p>\n<tr><!-- [et_pb_line_break_holder] --><\/p>\n<td>Calendario de 12 meses<\/td>\n<p><!-- [et_pb_line_break_holder] --><\/p>\n<td>Matt<\/td>\n<p><!-- [et_pb_line_break_holder] --><\/p>\n<td>14,90 EUR*<\/td>\n<p><!-- [et_pb_line_break_holder] --><\/p>\n<td>19,90 EUR*<\/td>\n<p><!-- [et_pb_line_break_holder] --><\/p>\n<td>39,90 EUR*<\/td>\n<p><!-- [et_pb_line_break_holder] --><\/p>\n<td>19,90 EUR*<\/td>\n<p><!-- [et_pb_line_break_holder] --><\/tr>\n<p><!-- [et_pb_line_break_holder] --><\/p>\n<tr><!-- [et_pb_line_break_holder] --><\/p>\n<td>Calendario de 12 meses<\/td>\n<p><!-- [et_pb_line_break_holder] --><\/p>\n<td>HighGloss<\/td>\n<p><!-- [et_pb_line_break_holder] --><\/p>\n<td>16,90 EUR*<\/td>\n<p><!-- [et_pb_line_break_holder] --><\/p>\n<td>23,90 EUR*<\/td>\n<p><!-- [et_pb_line_break_holder] --><\/p>\n<td>44,90 EUR*<\/td>\n<p><!-- [et_pb_line_break_holder] --><\/p>\n<td>23,90 EUR*<\/td>\n<p><!-- [et_pb_line_break_holder] --><\/tr>\n<p><!-- [et_pb_line_break_holder] -->  <\/p>\n<tr><!-- [et_pb_line_break_holder] --><\/p>\n<td style=\"font-size: 12px; font-weight: 400\"> Tiempo de producci\u00f3n m\u00e1s <a href=\"https:\/\/helpcenter.friedmann-photos.com\/en\/articles\/3373412-international-shipping-costs-and-delivery-times\">Tiempo de entrega <\/a><\/td>\n<p><!-- [et_pb_line_break_holder] --><\/p>\n<td style=\"font-size: 12px; font-weight: 400\"><\/td>\n<p><!-- [et_pb_line_break_holder] --><\/p>\n<td style=\"font-size: 12px; font-weight: 400\">3-5 D\u00edas de trabajo <\/td>\n<p><!-- [et_pb_line_break_holder] --><\/p>\n<td style=\"font-size: 12px; font-weight: 400\">3-5 D\u00edas de trabajo <\/td>\n<p><!-- [et_pb_line_break_holder] --><\/p>\n<td style=\"font-size: 12px; font-weight: 400\">3-5 D\u00edas de trabajo <\/td>\n<p><!-- [et_pb_line_break_holder] --><\/p>\n<td style=\"font-size: 12px; font-weight: 400\">3-5 D\u00edas de trabajo <\/td>\n<p><!-- [et_pb_line_break_holder] --><\/tr>\n<p><!-- [et_pb_line_break_holder] --><!-- [et_pb_line_break_holder] --><\/tbody>\n<p><!-- [et_pb_line_break_holder] --><\/table>\n<p><!-- [et_pb_line_break_holder] -->  <!\u2013- [et_pb_br_holder] -\u2013><!-- [et_pb_line_break_holder] --><pee style=\"font-size: 10px\"><!-- [et_pb_line_break_holder] -->  * Todos los precios incluyen el IVA y los <a href=\"https:\/\/helpcenter.friedmann-photos.com\/en\/articles\/3373412-international-shipping-costs-and-delivery-times\" target=\"_blank\" rel=\"noopener noreferrer\">gastos de env\u00edo.<\/a><!-- [et_pb_line_break_holder] -->  <\/pee>[\/et_pb_code][\/et_pb_column][\/et_pb_row][\/et_pb_section][et_pb_section fb_built=\u00bb1&#8243; disabled_on=\u00bboff|on|on\u00bb _builder_version=\u00bb4.0.6&#8243; custom_padding=\u00bb28px||70px|||\u00bb][et_pb_row _builder_version=\u00bb4.0.2&#8243; custom_padding=\u00bb|||0%|false|false\u00bb][et_pb_column type=\u00bb4_4&#8243; _builder_version=\u00bb4.0.2&#8243;][et_pb_code _builder_version=\u00bb4.4.5&#8243; hover_enabled=\u00bb0&#8243;]<pee class=\"tabel-header\">Calendario de 12 meses<!\u2013- [et_pb_br_holder] -\u2013><em>Papeles: Matt<\/em><\/pee><!-- [et_pb_line_break_holder] --><span class=\"red-divider\"><\/span><!-- [et_pb_line_break_holder] --><\/p>\n<div class=\"tabel-flex\"><!-- [et_pb_line_break_holder] -->  <pee><!-- [et_pb_line_break_holder] -->    Calendario de pared DIN-A4 vertical y apaisado<!-- [et_pb_line_break_holder] -->  <\/pee><!-- [et_pb_line_break_holder] -->  <pee><!-- [et_pb_line_break_holder] -->    14,90 EUR*<!-- [et_pb_line_break_holder] -->  <\/pee><!-- [et_pb_line_break_holder] --><\/div>\n<p><!-- [et_pb_line_break_holder] --><\/p>\n<div class=\"tabel-flex\"><!-- [et_pb_line_break_holder] -->  <pee><!-- [et_pb_line_break_holder] -->    Calendario de pared DIN-A3 vertical y apaisado<!-- [et_pb_line_break_holder] -->  <\/pee><!-- [et_pb_line_break_holder] -->  <pee><!-- [et_pb_line_break_holder] -->    19,90 EUR*<!-- [et_pb_line_break_holder] -->  <\/pee><!-- [et_pb_line_break_holder] --><\/div>\n<p><!-- [et_pb_line_break_holder] --><\/p>\n<div class=\"tabel-flex\"><!-- [et_pb_line_break_holder] -->  <pee><!-- [et_pb_line_break_holder] -->    Calendario de pared DIN-A2 vertical y apaisado<!-- [et_pb_line_break_holder] -->  <\/pee><!-- [et_pb_line_break_holder] -->  <pee><!-- [et_pb_line_break_holder] -->    39,90 EUR*<!-- [et_pb_line_break_holder] -->  <\/pee><!-- [et_pb_line_break_holder] --><\/div>\n<p><!-- [et_pb_line_break_holder] --><\/p>\n<div class=\"tabel-flex\"><!-- [et_pb_line_break_holder] -->  <pee><!-- [et_pb_line_break_holder] -->    Calendario plegable (35x25cm)<!-- [et_pb_line_break_holder] -->  <\/pee><!-- [et_pb_line_break_holder] -->  <pee><!-- [et_pb_line_break_holder] -->    19,90 EUR*<!-- [et_pb_line_break_holder] -->  <\/pee><!-- [et_pb_line_break_holder] --><\/div>\n<p><!-- [et_pb_line_break_holder] --><\/p>\n<div class=\"tabel-flex\"><!-- [et_pb_line_break_holder] -->  <pee style=\"font-size: 10px !important;  font-weight: 400; padding-bottom: 0\"><!-- [et_pb_line_break_holder] -->    Tiempo de producci\u00f3n m\u00e1s <a href=\"https:\/\/helpcenter.friedmann-photos.com\/en\/articles\/3373412-international-shipping-costs-and-delivery-times<!-- [et_pb_line_break_holder] -->\u00ab> Tiempo de entrega <\/a><!-- [et_pb_line_break_holder] -->  <\/pee><!-- [et_pb_line_break_holder] -->  <pee style=\"font-size: 10px !important; font-weight: 400;\"><!-- [et_pb_line_break_holder] -->   3-5 D\u00edas de trabajo<!-- [et_pb_line_break_holder] -->  <\/pee><!-- [et_pb_line_break_holder] --><\/div>\n<p><!-- [et_pb_line_break_holder] --><pee class=\"tabel-disclaimer\" style=\"padding-top: 10px\">* Todos los precios incluyen el IVA y los <a href=\"https:\/\/helpcenter.friedmann-photos.com\/en\/articles\/3373412-international-shipping-costs-and-delivery-times\" target=\"_blank\" rel=\"noopener noreferrer\">gastos de env\u00edo. <\/a><!-- [et_pb_line_break_holder] -->  <\/pee><!-- [et_pb_line_break_holder] --><!-- [et_pb_line_break_holder] --><!-- [et_pb_line_break_holder] --><!-- [et_pb_line_break_holder] -->[\/et_pb_code][\/et_pb_column][\/et_pb_row][et_pb_row _builder_version=\u00bb4.0.2&#8243; custom_margin=\u00bb100px|auto||auto||\u00bb custom_padding=\u00bb|||0%|false|false\u00bb][et_pb_column type=\u00bb4_4&#8243; _builder_version=\u00bb4.0.2&#8243;][et_pb_code _builder_version=\u00bb4.4.5&#8243; hover_enabled=\u00bb0&#8243;]<pee class=\"tabel-header\">Calendario de 12 meses<!\u2013- [et_pb_br_holder] -\u2013><em>Papeles: HighGloss<\/em><\/pee><!-- [et_pb_line_break_holder] --><span class=\"red-divider\"><\/span><!-- [et_pb_line_break_holder] --><\/p>\n<div class=\"tabel-flex\"><!-- [et_pb_line_break_holder] -->  <pee><!-- [et_pb_line_break_holder] -->    Calendario de pared DIN-A4 vertical y apaisado<!-- [et_pb_line_break_holder] -->  <\/pee><!-- [et_pb_line_break_holder] -->  <pee><!-- [et_pb_line_break_holder] -->    16,90 EUR*<!-- [et_pb_line_break_holder] -->  <\/pee><!-- [et_pb_line_break_holder] --><\/div>\n<p><!-- [et_pb_line_break_holder] --><\/p>\n<div class=\"tabel-flex\"><!-- [et_pb_line_break_holder] -->  <pee><!-- [et_pb_line_break_holder] -->    Calendario de pared DIN-A3 vertical y apaisado<!-- [et_pb_line_break_holder] -->  <\/pee><!-- [et_pb_line_break_holder] -->  <pee><!-- [et_pb_line_break_holder] -->    23,90 EUR*<!-- [et_pb_line_break_holder] -->  <\/pee><!-- [et_pb_line_break_holder] --><\/div>\n<p><!-- [et_pb_line_break_holder] --><\/p>\n<div class=\"tabel-flex\"><!-- [et_pb_line_break_holder] -->  <pee><!-- [et_pb_line_break_holder] -->    Calendario de pared DIN-A2 vertical y apaisado<!-- [et_pb_line_break_holder] -->  <\/pee><!-- [et_pb_line_break_holder] -->  <pee><!-- [et_pb_line_break_holder] -->    44,90 EUR*<!-- [et_pb_line_break_holder] -->  <\/pee><!-- [et_pb_line_break_holder] --><\/div>\n<p><!-- [et_pb_line_break_holder] --><\/p>\n<div class=\"tabel-flex\"><!-- [et_pb_line_break_holder] -->  <pee><!-- [et_pb_line_break_holder] -->    Calendario plegable (35x25cm)<!-- [et_pb_line_break_holder] -->  <\/pee><!-- [et_pb_line_break_holder] -->  <pee><!-- [et_pb_line_break_holder] -->    23,90 EUR*<!-- [et_pb_line_break_holder] -->  <\/pee><!-- [et_pb_line_break_holder] --><\/div>\n<p><!-- [et_pb_line_break_holder] --><\/p>\n<div class=\"tabel-flex\"><!-- [et_pb_line_break_holder] -->  <pee style=\"font-size: 10px !important;  font-weight: 400; padding-bottom: 0\"><!-- [et_pb_line_break_holder] -->    Tiempo de producci\u00f3n m\u00e1s <a href=\"https:\/\/helpcenter.friedmann-photos.com\/en\/articles\/3373412-international-shipping-costs-and-delivery-times<!-- [et_pb_line_break_holder] -->\u00ab> Tiempo de entrega <\/a><!-- [et_pb_line_break_holder] -->  <\/pee><!-- [et_pb_line_break_holder] -->  <pee style=\"font-size: 10px !important; font-weight: 400;\"><!-- [et_pb_line_break_holder] -->   3-5 D\u00edas de trabajo<!-- [et_pb_line_break_holder] -->  <\/pee><!-- [et_pb_line_break_holder] --><\/div>\n<p><!-- [et_pb_line_break_holder] --><pee class=\"tabel-disclaimer\" style=\"padding-top: 10px\">* Todos los precios incluyen el IVA y los <a href=\"https:\/\/helpcenter.friedmann-photos.com\/en\/articles\/3373412-international-shipping-costs-and-delivery-times\" target=\"_blank\" rel=\"noopener noreferrer\">gastos de env\u00edo. <\/a><!-- [et_pb_line_break_holder] -->  <\/pee><!-- [et_pb_line_break_holder] --><!-- [et_pb_line_break_holder] --><!-- [et_pb_line_break_holder] -->[\/et_pb_code][\/et_pb_column][\/et_pb_row][\/et_pb_section][et_pb_section fb_built=\u00bb1&#8243; fullwidth=\u00bbon\u00bb admin_label=\u00bbNavbar\u00bb _builder_version=\u00bb3.29.3&#8243; saved_tabs=\u00bball\u00bb][\/et_pb_section][et_pb_section fb_built=\u00bb1&#8243; fullwidth=\u00bbon\u00bb admin_label=\u00bbFooter\u00bb _builder_version=\u00bb3.29.3&#8243;][\/et_pb_section][et_pb_section fb_built=\u00bb1&#8243; fullwidth=\u00bbon\u00bb disabled_on=\u00bboff|on|on\u00bb _builder_version=\u00bb4.0.2&#8243;][et_pb_fullwidth_code _builder_version=\u00bb4.4.5&#8243;]<\/p>\n<div class=\"pvo-footer-container-mobile\"><!-- [et_pb_line_break_holder] --> \t\t\t<\/p>\n<div class=\"footer-left\"><!-- [et_pb_line_break_holder] -->    \t\t\t<\/p>\n<ul><!-- [et_pb_line_break_holder] -->     \t\t\t\t<\/p>\n<li class=\"pvo-logo-container\"><img decoding=\"async\" src=\"https:\/\/friedmann-photos.com\/wp-content\/uploads\/2019\/08\/FPDS-logo-white.png\" style=\"height: 40px; width: auto;\"><\/li>\n<p><!-- [et_pb_line_break_holder] -->   \t\t\t\t<\/ul>\n<p><!-- [et_pb_line_break_holder] -->  \t\t\t<\/div>\n<p><!-- [et_pb_line_break_holder] -->  \t\t\t<\/p>\n<div class=\"footer-right\"><!-- [et_pb_line_break_holder] -->  \t\t\t\t <pee class=\"pvo-white roboto\" style=\"font-weight: bold; font-size: letter-spacing: -0.04em; font-size: 18px !important;\"><!-- [et_pb_line_break_holder] -->     Innovation<!\u2013- [et_pb_br_holder] -\u2013>is our<!\u2013- [et_pb_br_holder] -\u2013><span class=\"roboto\" style=\"margin-left: 24%\">passion.<\/span><!-- [et_pb_line_break_holder] -->    \t\t\t<\/pee><!-- [et_pb_line_break_holder] -->  \t\t\t<\/div>\n<p><!-- [et_pb_line_break_holder] -->\t\t<\/div>\n<p>[\/et_pb_fullwidth_code][\/et_pb_section]<\/p>\n","protected":false},"excerpt":{"rendered":"<p>Calendarios Calendario de 12 meses calendar Adem\u00e1s de los ya conocidos calendarios plegables de siempre en el nuevo formato ampliado de 35 x 32\u00a0cm, ahora con nosotros tambi\u00e9n tiene la posibilidad de pedir un calendario de pared cl\u00e1sico en los formatos DIN\u00a0A4, DIN\u00a0A3 y en el formato extragrande DIN\u00a0A2. Los calendarios de pared tambi\u00e9n est\u00e1n [&hellip;]<\/p>\n","protected":false},"author":3,"featured_media":0,"parent":0,"menu_order":0,"comment_status":"closed","ping_status":"closed","template":"","meta":{"_et_pb_use_builder":"on","_et_pb_old_content":"","_et_gb_content_width":"","inline_featured_image":false,"footnotes":""},"class_list":["post-5792","page","type-page","status-publish","hentry"],"_links":{"self":[{"href":"https:\/\/friedmann-photos.com\/es\/wp-json\/wp\/v2\/pages\/5792","targetHints":{"allow":["GET"]}}],"collection":[{"href":"https:\/\/friedmann-photos.com\/es\/wp-json\/wp\/v2\/pages"}],"about":[{"href":"https:\/\/friedmann-photos.com\/es\/wp-json\/wp\/v2\/types\/page"}],"author":[{"embeddable":true,"href":"https:\/\/friedmann-photos.com\/es\/wp-json\/wp\/v2\/users\/3"}],"replies":[{"embeddable":true,"href":"https:\/\/friedmann-photos.com\/es\/wp-json\/wp\/v2\/comments?post=5792"}],"version-history":[{"count":10,"href":"https:\/\/friedmann-photos.com\/es\/wp-json\/wp\/v2\/pages\/5792\/revisions"}],"predecessor-version":[{"id":6680,"href":"https:\/\/friedmann-photos.com\/es\/wp-json\/wp\/v2\/pages\/5792\/revisions\/6680"}],"wp:attachment":[{"href":"https:\/\/friedmann-photos.com\/es\/wp-json\/wp\/v2\/media?parent=5792"}],"curies":[{"name":"wp","href":"https:\/\/api.w.org\/{rel}","templated":true}]}}